{"id":2879,"date":"2021-02-09T18:52:54","date_gmt":"2021-02-09T18:52:54","guid":{"rendered":"https:\/\/estelsdelsud.com\/?page_id=2879"},"modified":"2024-12-20T15:48:42","modified_gmt":"2024-12-20T15:48:42","slug":"travessa-de-3-dies","status":"publish","type":"page","link":"https:\/\/estelsdelsud.com\/ca\/la-travessa\/travessa-de-3-dies\/","title":{"rendered":"Travessa de 3 dies"},"content":{"rendered":"<p>[et_pb_section fb_built=&#8221;1&#8243; disabled_on=&#8221;off|off|off&#8221; admin_label=&#8221;Header Section&#8221; _builder_version=&#8221;4.16&#8243; background_color=&#8221;rgba(0,0,0,0.75)&#8221; background_image=&#8221;https:\/\/estelsdelsud.com\/wp-content\/uploads\/2018\/03\/les-roques-de-benet-i-les-gronses.jpg&#8221; background_position=&#8221;top_center&#8221; background_blend=&#8221;overlay&#8221; custom_padding=&#8221;0px||0px|&#8221; padding_mobile=&#8221;on&#8221; collapsed=&#8221;off&#8221; global_colors_info=&#8221;{}&#8221;][et_pb_row column_padding_mobile=&#8221;on&#8221; custom_padding_last_edited=&#8221;on|phone&#8221; admin_label=&#8221;row&#8221; _builder_version=&#8221;4.16&#8243; background_size=&#8221;initial&#8221; background_position=&#8221;top_left&#8221; background_repeat=&#8221;repeat&#8221; custom_padding=&#8221;80px||40px|&#8221; custom_padding_tablet=&#8221;&#8221; custom_padding_phone=&#8221;&#8221; global_colors_info=&#8221;{}&#8221;][et_pb_column type=&#8221;4_4&#8243; _builder_version=&#8221;4.16&#8243; background_position=&#8221;top_left&#8221; custom_padding=&#8221;|||&#8221; global_colors_info=&#8221;{}&#8221; custom_padding__hover=&#8221;|||&#8221;][et_pb_text admin_label=&#8221;Preheader&#8221; _builder_version=&#8221;4.16&#8243; text_font=&#8221;||||||||&#8221; text_text_color=&#8221;#568FF6&#8243; text_font_size=&#8221;23&#8243; background_size=&#8221;initial&#8221; background_position=&#8221;top_left&#8221; background_repeat=&#8221;repeat&#8221; background_layout=&#8221;dark&#8221; custom_margin=&#8221;||13px|&#8221; text_font_size_tablet=&#8221;16&#8243; text_font_size_phone=&#8221;14&#8243; text_font_size_last_edited=&#8221;on|phone&#8221; custom_css_main_element=&#8221;font-weight:600;&#8221; border_style=&#8221;solid&#8221; global_colors_info=&#8221;{}&#8221;]Estels del Sud[\/et_pb_text][et_pb_text admin_label=&#8221;Title&#8221; _builder_version=&#8221;4.16&#8243; text_line_height=&#8221;48px&#8221; background_size=&#8221;initial&#8221; background_position=&#8221;top_left&#8221; background_repeat=&#8221;repeat&#8221; background_layout=&#8221;dark&#8221; max_width_tablet=&#8221;&#8221; max_width_phone=&#8221;&#8221; max_width_last_edited=&#8221;on|phone&#8221; custom_margin=&#8221;||22px|&#8221; text_font_size_tablet=&#8221;35&#8243; text_font_size_phone=&#8221;25&#8243; text_font_size_last_edited=&#8221;off|desktop&#8221; header_font_size_last_edited=&#8221;off|desktop&#8221; custom_css_main_element=&#8221;font-weight:900!important;&#8221; border_style=&#8221;solid&#8221; global_colors_info=&#8221;{}&#8221;]<\/p>\n<h1>Travessa de 3 dies, Estels del Sud M\u00e8dium<\/h1>\n<p>[\/et_pb_text][et_pb_text admin_label=&#8221;Subheader&#8221; _builder_version=&#8221;4.16&#8243; text_text_color=&#8221;#ffffff&#8221; text_font_size=&#8221;18&#8243; background_size=&#8221;initial&#8221; background_position=&#8221;top_left&#8221; background_repeat=&#8221;repeat&#8221; background_layout=&#8221;dark&#8221; max_width=&#8221;700px&#8221; custom_margin=&#8221;0px||40px|&#8221; custom_margin_tablet=&#8221;0px||38px|&#8221; custom_margin_phone=&#8221;&#8221; custom_margin_last_edited=&#8221;on|desktop&#8221; custom_css_main_element=&#8221;font-weight: 300;&#8221; border_style=&#8221;solid&#8221; global_colors_info=&#8221;{}&#8221;]<\/p>\n<p>Si no teniu els cinc dies per realitzar la travessa complerta <strong>Estels del Sud, <\/strong>t&#8217;oferim<strong> Estels del Sud M\u00e8dium.<\/strong><\/p>\n<p>[\/et_pb_text][\/et_pb_column][\/et_pb_row][\/et_pb_section][et_pb_section fb_built=&#8221;1&#8243; admin_label=&#8221;Highlights 3&#8243; _builder_version=&#8221;4.16&#8243; custom_padding=&#8221;||0px|&#8221; collapsed=&#8221;off&#8221; global_colors_info=&#8221;{}&#8221;][et_pb_row custom_padding_last_edited=&#8221;on|desktop&#8221; admin_label=&#8221;Row&#8221; _builder_version=&#8221;4.16&#8243; background_size=&#8221;initial&#8221; background_position=&#8221;top_left&#8221; background_repeat=&#8221;repeat&#8221; custom_padding_tablet=&#8221;||20px|&#8221; custom_padding_phone=&#8221;&#8221; global_colors_info=&#8221;{}&#8221;][et_pb_column type=&#8221;4_4&#8243; _builder_version=&#8221;4.16&#8243; background_position=&#8221;top_left&#8221; custom_padding=&#8221;|||&#8221; global_colors_info=&#8221;{}&#8221; custom_padding__hover=&#8221;|||&#8221;][et_pb_text admin_label=&#8221;Header&#8221; _builder_version=&#8221;4.16&#8243; text_font_size=&#8221;45&#8243; header_text_color=&#8221;#000000&#8243; header_font_size=&#8221;45&#8243; background_size=&#8221;initial&#8221; background_position=&#8221;top_left&#8221; background_repeat=&#8221;repeat&#8221; text_orientation=&#8221;center&#8221; max_width_tablet=&#8221;&#8221; max_width_phone=&#8221;&#8221; max_width_last_edited=&#8221;on|phone&#8221; module_alignment=&#8221;center&#8221; custom_margin=&#8221;||10px|&#8221; text_font_size_tablet=&#8221;35&#8243; text_font_size_phone=&#8221;25&#8243; text_font_size_last_edited=&#8221;off|phone&#8221; header_font_size_last_edited=&#8221;off|desktop&#8221; custom_css_main_element=&#8221;font-weight:900!important;&#8221; global_colors_info=&#8221;{}&#8221;]<\/p>\n<h2>Travessa de 3 dies<\/h2>\n<p>[\/et_pb_text][et_pb_divider color=&#8221;#568FF6&#8243; divider_position=&#8221;center&#8221; divider_weight=&#8221;2&#8243; admin_label=&#8221;Divider (Centered)&#8221; _builder_version=&#8221;4.16&#8243; custom_css_before=&#8221;width: 100px;||left: 50%;||margin-right: -50%;||transform: translate(-50%);&#8221; hide_on_mobile=&#8221;off&#8221; global_colors_info=&#8221;{}&#8221;][\/et_pb_divider][\/et_pb_column][\/et_pb_row][\/et_pb_section][et_pb_section fb_built=&#8221;1&#8243; custom_padding_last_edited=&#8221;on|tablet&#8221; admin_label=&#8221;Highlights 1&#8243; module_id=&#8221;more&#8221; _builder_version=&#8221;4.16&#8243; custom_padding=&#8221;0px||0px|&#8221; custom_padding_tablet=&#8221;54px||0px|&#8221; custom_padding_phone=&#8221;&#8221; custom_css_main_element=&#8221;overflow: hidden;&#8221; collapsed=&#8221;off&#8221; global_colors_info=&#8221;{}&#8221;][et_pb_row column_structure=&#8221;3_5,2_5&#8243; admin_label=&#8221;Row&#8221; _builder_version=&#8221;4.16&#8243; background_size=&#8221;initial&#8221; background_position=&#8221;top_left&#8221; background_repeat=&#8221;repeat&#8221; global_colors_info=&#8221;{}&#8221;][et_pb_column type=&#8221;3_5&#8243; _builder_version=&#8221;4.16&#8243; background_position=&#8221;top_left&#8221; custom_padding=&#8221;|||&#8221; custom_padding_tablet=&#8221;||42px|&#8221; custom_padding_phone=&#8221;&#8221; custom_padding_last_edited=&#8221;on|phone&#8221; global_colors_info=&#8221;{}&#8221; padding_tablet=&#8221;||42px|&#8221; padding_last_edited=&#8221;on|phone&#8221; custom_padding__hover=&#8221;|||&#8221; padding_phone=&#8221;||42px|&#8221;][et_pb_text admin_label=&#8221;Subheader&#8221; _builder_version=&#8221;4.23.2&#8243; background_size=&#8221;initial&#8221; background_position=&#8221;top_left&#8221; background_repeat=&#8221;repeat&#8221; max_width=&#8221;720px&#8221; custom_margin=&#8221;0px||40px|&#8221; custom_margin_tablet=&#8221;0px||38px|&#8221; custom_margin_phone=&#8221;&#8221; custom_margin_last_edited=&#8221;on|phone&#8221; custom_css_main_element=&#8221;font-weight:300;&#8221; border_style=&#8221;solid&#8221; global_colors_info=&#8221;{}&#8221;]<\/p>\n<p>Si no teniu els cinc dies per realitzar la travessa complerta <strong>Estels del Sud, <\/strong>t&#8217;oferim<strong> Estels del Sud M\u00e8dium, <\/strong>dues travesses de tres etapes completament diferents entre s\u00ed:<\/p>\n<p>\u2013 una travessa de tres dies per la part <strong>Nord<\/strong> del Mass\u00eds entre <strong>Pa\u00fcls, Arnes i Refugi de Caro<\/strong>, o b\u00e9<\/p>\n<p>\u2013 una travessa de tres dies per la part <strong>Sud<\/strong> del Mass\u00eds entre <strong>Beseit, Refugi Font Ferrera i Refugi de Caro<\/strong>.<\/p>\n<p>En ambd\u00f3s casos es tracta de dos de les etapes d&#8217;Estels del Sud senyalitzades com a tal, i una tercera d&#8217;enlla\u00e7 que les transforma en una travessa circular. Aquesta etapa d&#8217;enlla\u00e7 est\u00e0 descrita en la guia i amb el track disponible a la web.<\/p>\n<p><strong>QUE ET CAL SABER <\/strong><\/p>\n<ul>\n<li>La travessa es pot realitzar entre els mesos de <strong>mar\u00e7 al 10 de desembre<\/strong><\/li>\n<li>La travessa es podr\u00e0 iniciar des de qualsevol dels allotjaments i realitzar en ambd\u00f3s sentits de la marxa, sempre tenint en compte la disponibilitat dels mateixos.<\/li>\n<li>Fes-nos la teva proposta de ruta, nosaltres la tramitarem per que la facis tal i com ens ho sol\u00b7licitis. En cas de no ser possible, t&#8217;oferirem la millor opci\u00f3 disponible.<\/li>\n<li>El <strong>morralet<\/strong> s&#8217;entregar\u00e0 en el primer allotjament on es pernocti, i constar\u00e0 de: Tarja de pas, Braga de coll exclusiva i la <a href=\"https:\/\/estelsdelsud.com\/ca\/la-travessa\/serveis\/guia\/\" target=\"_blank\" rel=\"noopener\"><strong>Guia de la Travessa.\u00a0\u00a0<\/strong><\/a> <strong>\u00c9s obligatori pernoctar en els 3 allotjaments en r\u00e8gim de MP<\/strong>.<\/li>\n<li>En cas que facis per segona vegada la opci\u00f3 <strong>m\u00e8dium<\/strong>, en el segon <strong>morralet<\/strong> podr\u00e0s optar en lloc de la braga de coll, a la samarreta Estels del Sud.<\/li>\n<\/ul>\n<ul>\n<li>Al ser les travesses circulars, no es requereix combinaci\u00f3 de vehicles. Hi ha transport p\u00fablic que arriba als pobles (Arnes, Beseit i Pa\u00fcls), consultar horaris a <a href=\"https:\/\/www.hife.es\/ca-ES\" target=\"_blank\" rel=\"noopener\"><strong>HIFE<\/strong><\/a>.<\/li>\n<li>Per poder realitzar la travessa, es necess\u00e0ria la inscripci\u00f3 pr\u00e8via mitjan\u00e7ant el <a href=\"https:\/\/estelsdelsud.com\/ca\/inscripcions\/\" target=\"_blank\" rel=\"noopener\"><strong>formulari de la web<\/strong><\/a>, indicant l&#8217;opci\u00f3 <strong>M\u00e8dium nort<\/strong> o <strong>M\u00e8dium sud<\/strong>. En cap cas es pot fer la inscripci\u00f3 directament en els allotjaments.<\/li>\n<li>Aquesta inscripci\u00f3 tindr\u00e0 que fer-se, com a m\u00ednim, <strong>una setmana abans de iniciar la travessa<\/strong> i estar\u00e0 supeditada a la disponibilitat dels allotjaments<\/li>\n<li>Una vegada comfirmada la disponibilitat dels allotjaments, per formalitzar la reserva <strong>cal fer un ingr\u00e9s, abans de tres dies<\/strong>, de la totalitat de les despeses d&#8217;inscripci\u00f3 (<strong>35 \u20ac\/persona<\/strong>) m\u00e9s la paga i senyal de 20 \u20ac\/persona\/allotjament.<\/li>\n<li>Aquesta inscripci\u00f3 assegura la Mitja Pensi\u00f3 en cada etapa (que es liquidar\u00e0 en cada allotjament amb el descompte dels 20 \u20ac de la paga i senyal) i dona dret al <strong>\u201c<\/strong>morralet<strong>\u201d<\/strong> que ser\u00e0 entregat en el primer allotjament on es pernocti.<\/li>\n<li>En cada allotjament s&#8217;haur\u00e0 de presentar el full d&#8217;inscripci\u00f3 i es segellar\u00e0 la tarja de pas. En cas de p\u00e9rdua de la Tarja de pas, es considerar\u00e0 <strong>no completada la travessa<\/strong>.<\/li>\n<li>Si per algun motiu es impossible iniciar la travessa en les dates previstes, els drets d&#8217;inscripci\u00f3 es mantindran durant 6 mesos (sempre que la disponibilitat dels allotjaments ho permeti, per\u00f2 <strong>es perder\u00e0 la paga i senyal <\/strong>dels allotjaments.<\/li>\n<li>Una vegada iniciada la travessa i en el cas de no pernoctar en l&#8217;allotjament estipulat en la data de la reserva, <strong>es perdr\u00e0 la paga i senyal<\/strong>.<\/li>\n<li>Donat que hi ha allotjaments on <strong>no s&#8217;admeten animals dom\u00e8stics<\/strong>, no s&#8217;admetr\u00e0 cap inscripci\u00f3 de persones que vagin acompanyades d&#8217;animals.<\/li>\n<li><strong>No<\/strong> es podran inscriure en la travessa <strong>menors de 12 anys<\/strong>.<\/li>\n<li>Per motius de seguretat no es podran iniciar les etapes m\u00e9s tard de les 9 h.<\/li>\n<li>L&#8217;organitzaci\u00f3 no es fa responsable dels possibles accidents durant la travessa, \u00e9s obligatori tenir en vigor la tarja federativa de muntanya <a href=\"https:\/\/www.feec.cat\/fem-muntanya\/federat\/\" target=\"_blank\" rel=\"noopener noreferrer\"><strong>FEEC<\/strong><\/a>, <a href=\"http:\/\/www.fedme.es\/\" target=\"_blank\" rel=\"noopener noreferrer\"><strong>FEDME<\/strong><\/a> o similar reconeguda per la UIAA, en cas contrari us facilitem una asseguran\u00e7a pels dies de la travessa. Preu: 2,50 \u20ac\/dia.<\/li>\n<li>Env\u00edan&#8217;s el full d&#8217;<a href=\"https:\/\/estelsdelsud.com\/ca\/inscripcions\/\" target=\"_blank\" rel=\"noopener noreferrer\"><strong>inscripci\u00f3 complimentat<\/strong><\/a> i et respondrem el m\u00e9s aviat possible.<\/li>\n<\/ul>\n<p>[\/et_pb_text][\/et_pb_column][et_pb_column type=&#8221;2_5&#8243; module_class=&#8221;ds-carousel-section&#8221; _builder_version=&#8221;4.16&#8243; background_position=&#8221;top_left&#8221; custom_padding=&#8221;|||&#8221; custom_padding_tablet=&#8221;||42px|&#8221; custom_padding_last_edited=&#8221;off|tablet&#8221; global_colors_info=&#8221;{}&#8221; padding_tablet=&#8221;||42px|&#8221; padding_last_edited=&#8221;off|tablet&#8221; custom_padding__hover=&#8221;|||&#8221;][et_pb_divider show_divider=&#8221;off&#8221; _builder_version=&#8221;4.16&#8243; global_colors_info=&#8221;{}&#8221;][\/et_pb_divider][et_pb_gallery gallery_ids=&#8221;1220,1221,1188,3152&#8243; gallery_captions=&#8221;OLYMPUS DIGITAL CAMERA,,,,,,&#8221; show_title_and_caption=&#8221;off&#8221; show_pagination=&#8221;off&#8221; _builder_version=&#8221;4.16&#8243; title_font=&#8221;||||||||&#8221; pagination_font_size_tablet=&#8221;51&#8243; pagination_line_height_tablet=&#8221;2&#8243; global_colors_info=&#8221;{}&#8221;][\/et_pb_gallery][\/et_pb_column][\/et_pb_row][\/et_pb_section][et_pb_section fb_built=&#8221;1&#8243; admin_label=&#8221;Call To Action&#8221; _builder_version=&#8221;4.16&#8243; background_color=&#8221;rgba(0,0,0,0.75)&#8221; use_background_color_gradient=&#8221;on&#8221; background_color_gradient_direction=&#8221;163deg&#8221; background_color_gradient_stops=&#8221;#383838 0%|#3d3d3d 100%&#8221; background_color_gradient_start=&#8221;#383838&#8243; background_color_gradient_end=&#8221;#3d3d3d&#8221; custom_padding=&#8221;50px||50px|&#8221; custom_padding_tablet=&#8221;0px||0px|&#8221; collapsed=&#8221;off&#8221; global_colors_info=&#8221;{}&#8221;][et_pb_row admin_label=&#8221;Row&#8221; _builder_version=&#8221;4.16&#8243; background_size=&#8221;initial&#8221; background_position=&#8221;top_left&#8221; background_repeat=&#8221;repeat&#8221; global_colors_info=&#8221;{}&#8221;][et_pb_column type=&#8221;4_4&#8243; _builder_version=&#8221;4.16&#8243; custom_padding=&#8221;|||&#8221; global_colors_info=&#8221;{}&#8221; custom_padding__hover=&#8221;|||&#8221;][et_pb_text admin_label=&#8221;Header&#8221; _builder_version=&#8221;4.16&#8243; text_font_size=&#8221;45&#8243; header_text_color=&#8221;#000000&#8243; header_font_size=&#8221;45&#8243; background_size=&#8221;initial&#8221; background_position=&#8221;top_left&#8221; background_repeat=&#8221;repeat&#8221; text_orientation=&#8221;center&#8221; background_layout=&#8221;dark&#8221; max_width_tablet=&#8221;&#8221; max_width_phone=&#8221;&#8221; max_width_last_edited=&#8221;on|phone&#8221; module_alignment=&#8221;center&#8221; custom_margin=&#8221;||10px|&#8221; text_font_size_tablet=&#8221;35&#8243; text_font_size_phone=&#8221;25&#8243; text_font_size_last_edited=&#8221;off|phone&#8221; header_font_size_last_edited=&#8221;off|desktop&#8221; custom_css_main_element=&#8221;font-weight:900!important;&#8221; border_style=&#8221;solid&#8221; global_colors_info=&#8221;{}&#8221;]<\/p>\n<h2 class=\"et_pb_module_header\">\u00a1 Inscriu-te ara !<\/h2>\n<p>[\/et_pb_text][et_pb_text admin_label=&#8221;Subheader&#8221; _builder_version=&#8221;4.21.2&#8243; text_text_color=&#8221;#afafb0&#8243; background_size=&#8221;initial&#8221; background_position=&#8221;top_left&#8221; background_repeat=&#8221;repeat&#8221; text_orientation=&#8221;center&#8221; max_width=&#8221;720px&#8221; module_alignment=&#8221;center&#8221; custom_margin=&#8221;0px||40px|&#8221; custom_margin_tablet=&#8221;0px||38px|&#8221; custom_margin_phone=&#8221;&#8221; custom_margin_last_edited=&#8221;on|phone&#8221; custom_css_main_element=&#8221;font-weight:300;&#8221; border_style=&#8221;solid&#8221; global_colors_info=&#8221;{}&#8221;]<\/p>\n<div class=\"et_pb_module et_pb_text et_pb_text_3  et_pb_text_align_center et_pb_bg_layout_dark\">\n<div class=\"et_pb_text_inner\">\n<p>Empleni el Formulari de Contacte i ens posarem en contacte amb vost\u00e8 per poder informar-li de tots els detalls i formalitzar la reserva.<\/p>\n<\/div>\n<\/div>\n<p>[\/et_pb_text][et_pb_button button_url=&#8221;https:\/\/estelsdelsud.com\/inscripciones\/&#8221; button_text=&#8221;INSCRIPCI\u00d3N ONLINE&#8221; button_alignment=&#8221;center&#8221; admin_label=&#8221;Button&#8221; _builder_version=&#8221;4.16&#8243; button_icon=&#8221;&#x33;||divi||400&#8243; background_layout=&#8221;dark&#8221; custom_css_main_element=&#8221;padding-top: 10px !important;||padding-right: 22px !important;||padding-bottom: 10px !important;||padding-left: 22px !important;||font-size: 14px;&#8221; global_colors_info=&#8221;{}&#8221; button_text_size__hover_enabled=&#8221;off&#8221; button_one_text_size__hover_enabled=&#8221;off&#8221; button_two_text_size__hover_enabled=&#8221;off&#8221; button_text_color__hover_enabled=&#8221;off&#8221; button_one_text_color__hover_enabled=&#8221;off&#8221; button_two_text_color__hover_enabled=&#8221;off&#8221; button_border_width__hover_enabled=&#8221;off&#8221; button_one_border_width__hover_enabled=&#8221;off&#8221; button_two_border_width__hover_enabled=&#8221;off&#8221; button_border_color__hover_enabled=&#8221;off&#8221; button_one_border_color__hover_enabled=&#8221;off&#8221; button_two_border_color__hover_enabled=&#8221;off&#8221; button_border_radius__hover_enabled=&#8221;off&#8221; button_one_border_radius__hover_enabled=&#8221;off&#8221; button_two_border_radius__hover_enabled=&#8221;off&#8221; button_letter_spacing__hover_enabled=&#8221;off&#8221; button_one_letter_spacing__hover_enabled=&#8221;off&#8221; button_two_letter_spacing__hover_enabled=&#8221;off&#8221; button_bg_color__hover_enabled=&#8221;off&#8221; button_one_bg_color__hover_enabled=&#8221;off&#8221; button_two_bg_color__hover_enabled=&#8221;off&#8221;][\/et_pb_button][\/et_pb_column][\/et_pb_row][\/et_pb_section]<\/p>\n","protected":false},"excerpt":{"rendered":"<p>Estels del SudTravessa de 3 dies, Estels del Sud M\u00e8diumSi no teniu els cinc dies per realitzar la travessa complerta Estels del Sud, t&#8217;oferim Estels del Sud M\u00e8dium.Travessa de 3 dies Si no teniu els cinc dies per realitzar la travessa complerta Estels del Sud, t&#8217;oferim Estels del Sud M\u00e8dium, dues travesses de tres etapes [&hellip;]<\/p>\n","protected":false},"author":2,"featured_media":0,"parent":1055,"menu_order":3,"comment_status":"closed","ping_status":"closed","template":"","meta":{"_et_pb_use_builder":"on","_et_pb_old_content":"","_et_gb_content_width":"","_exactmetrics_skip_tracking":false,"_exactmetrics_sitenote_active":false,"_exactmetrics_sitenote_note":"","_exactmetrics_sitenote_category":0,"footnotes":""},"class_list":["post-2879","page","type-page","status-publish","hentry"],"_links":{"self":[{"href":"https:\/\/estelsdelsud.com\/ca\/wp-json\/wp\/v2\/pages\/2879","targetHints":{"allow":["GET"]}}],"collection":[{"href":"https:\/\/estelsdelsud.com\/ca\/wp-json\/wp\/v2\/pages"}],"about":[{"href":"https:\/\/estelsdelsud.com\/ca\/wp-json\/wp\/v2\/types\/page"}],"author":[{"embeddable":true,"href":"https:\/\/estelsdelsud.com\/ca\/wp-json\/wp\/v2\/users\/2"}],"replies":[{"embeddable":true,"href":"https:\/\/estelsdelsud.com\/ca\/wp-json\/wp\/v2\/comments?post=2879"}],"version-history":[{"count":11,"href":"https:\/\/estelsdelsud.com\/ca\/wp-json\/wp\/v2\/pages\/2879\/revisions"}],"predecessor-version":[{"id":3993,"href":"https:\/\/estelsdelsud.com\/ca\/wp-json\/wp\/v2\/pages\/2879\/revisions\/3993"}],"up":[{"embeddable":true,"href":"https:\/\/estelsdelsud.com\/ca\/wp-json\/wp\/v2\/pages\/1055"}],"wp:attachment":[{"href":"https:\/\/estelsdelsud.com\/ca\/wp-json\/wp\/v2\/media?parent=2879"}],"curies":[{"name":"wp","href":"https:\/\/api.w.org\/{rel}","templated":true}]}}