{"id":1061,"date":"2018-06-03T10:29:58","date_gmt":"2018-06-03T10:29:58","guid":{"rendered":"https:\/\/estelsdelsud.com\/?page_id=1061"},"modified":"2024-12-20T15:46:20","modified_gmt":"2024-12-20T15:46:20","slug":"normativa","status":"publish","type":"page","link":"https:\/\/estelsdelsud.com\/ca\/la-travessa\/normativa\/","title":{"rendered":"Normativa"},"content":{"rendered":"<p>[et_pb_section fb_built=&#8221;1&#8243; disabled_on=&#8221;off|off|off&#8221; admin_label=&#8221;Header Section&#8221; _builder_version=&#8221;4.16&#8243; background_color=&#8221;rgba(0,0,0,0.75)&#8221; background_image=&#8221;https:\/\/estelsdelsud.com\/wp-content\/uploads\/2018\/03\/estels-del-sud-arnes-beseit-08.jpg&#8221; parallax=&#8221;on&#8221; parallax_method=&#8221;off&#8221; custom_padding=&#8221;0px||0px|&#8221; custom_padding_tablet=&#8221;0px||0px|&#8221; padding_mobile=&#8221;on&#8221; collapsed=&#8221;off&#8221; global_colors_info=&#8221;{}&#8221;][et_pb_row column_padding_mobile=&#8221;on&#8221; custom_padding_last_edited=&#8221;on|phone&#8221; admin_label=&#8221;row&#8221; _builder_version=&#8221;4.16&#8243; background_size=&#8221;initial&#8221; background_position=&#8221;top_left&#8221; background_repeat=&#8221;repeat&#8221; custom_padding=&#8221;80px||40px|&#8221; custom_padding_tablet=&#8221;&#8221; custom_padding_phone=&#8221;&#8221; global_colors_info=&#8221;{}&#8221;][et_pb_column type=&#8221;4_4&#8243; _builder_version=&#8221;4.16&#8243; background_position=&#8221;top_left&#8221; custom_padding=&#8221;|||&#8221; global_colors_info=&#8221;{}&#8221; custom_padding__hover=&#8221;|||&#8221;][et_pb_text admin_label=&#8221;Title&#8221; _builder_version=&#8221;4.16&#8243; text_line_height=&#8221;48px&#8221; background_size=&#8221;initial&#8221; background_position=&#8221;top_left&#8221; background_repeat=&#8221;repeat&#8221; background_layout=&#8221;dark&#8221; max_width_tablet=&#8221;&#8221; max_width_phone=&#8221;&#8221; max_width_last_edited=&#8221;on|phone&#8221; custom_margin=&#8221;||22px|&#8221; text_font_size_tablet=&#8221;35&#8243; text_font_size_phone=&#8221;25&#8243; text_font_size_last_edited=&#8221;off|desktop&#8221; header_font_size_last_edited=&#8221;off|desktop&#8221; custom_css_main_element=&#8221;font-weight:900!important;&#8221; global_colors_info=&#8221;{}&#8221;]<\/p>\n<h1>Normativa<\/h1>\n<p>[\/et_pb_text][\/et_pb_column][\/et_pb_row][\/et_pb_section][et_pb_section fb_built=&#8221;1&#8243; admin_label=&#8221;Highlights 3&#8243; _builder_version=&#8221;4.16&#8243; custom_padding=&#8221;||0px|&#8221; collapsed=&#8221;off&#8221; global_colors_info=&#8221;{}&#8221;][et_pb_row custom_padding_last_edited=&#8221;on|desktop&#8221; admin_label=&#8221;Row&#8221; _builder_version=&#8221;4.16&#8243; background_size=&#8221;initial&#8221; background_position=&#8221;top_left&#8221; background_repeat=&#8221;repeat&#8221; custom_padding_tablet=&#8221;||20px|&#8221; custom_padding_phone=&#8221;&#8221; global_colors_info=&#8221;{}&#8221;][et_pb_column type=&#8221;4_4&#8243; _builder_version=&#8221;4.16&#8243; background_position=&#8221;top_left&#8221; custom_padding=&#8221;|||&#8221; global_colors_info=&#8221;{}&#8221; custom_padding__hover=&#8221;|||&#8221;][et_pb_text admin_label=&#8221;Preheader&#8221; _builder_version=&#8221;4.16&#8243; text_font=&#8221;||||||||&#8221; text_text_color=&#8221;#568FF6&#8243; text_font_size=&#8221;18&#8243; background_size=&#8221;initial&#8221; background_position=&#8221;top_left&#8221; background_repeat=&#8221;repeat&#8221; text_orientation=&#8221;center&#8221; module_alignment=&#8221;center&#8221; custom_margin=&#8221;||15px|&#8221; text_font_size_tablet=&#8221;16&#8243; text_font_size_phone=&#8221;14&#8243; text_font_size_last_edited=&#8221;on|phone&#8221; custom_css_main_element=&#8221;font-weight:300;&#8221; border_style=&#8221;solid&#8221; global_colors_info=&#8221;{}&#8221;]<\/p>\n<p><span>Abans de la inscripci\u00f3, revisa tots els termes de la nostra normativa.<\/span><\/p>\n<p>[\/et_pb_text][et_pb_text admin_label=&#8221;Header&#8221; _builder_version=&#8221;4.16&#8243; text_font_size=&#8221;45&#8243; header_text_color=&#8221;#000000&#8243; header_font_size=&#8221;45&#8243; background_size=&#8221;initial&#8221; background_position=&#8221;top_left&#8221; background_repeat=&#8221;repeat&#8221; text_orientation=&#8221;center&#8221; max_width_tablet=&#8221;&#8221; max_width_phone=&#8221;&#8221; max_width_last_edited=&#8221;on|phone&#8221; module_alignment=&#8221;center&#8221; custom_margin=&#8221;||10px|&#8221; text_font_size_tablet=&#8221;35&#8243; text_font_size_phone=&#8221;25&#8243; text_font_size_last_edited=&#8221;off|phone&#8221; header_font_size_last_edited=&#8221;off|desktop&#8221; custom_css_main_element=&#8221;font-weight:900!important;&#8221; border_style=&#8221;solid&#8221; global_colors_info=&#8221;{}&#8221;]<\/p>\n<h2>Normativa Traves\u00eda Estels del Sud<\/h2>\n<p>[\/et_pb_text][et_pb_divider color=&#8221;#568FF6&#8243; divider_position=&#8221;center&#8221; divider_weight=&#8221;2&#8243; admin_label=&#8221;Divider (Centered)&#8221; _builder_version=&#8221;4.16&#8243; custom_css_before=&#8221;width: 100px;||left: 50%;||margin-right: -50%;||transform: translate(-50%);&#8221; hide_on_mobile=&#8221;off&#8221; global_colors_info=&#8221;{}&#8221;][\/et_pb_divider][\/et_pb_column][\/et_pb_row][\/et_pb_section][et_pb_section fb_built=&#8221;1&#8243; _builder_version=&#8221;4.16&#8243; global_colors_info=&#8221;{}&#8221;][et_pb_row column_structure=&#8221;2_3,1_3&#8243; _builder_version=&#8221;4.16&#8243; custom_padding=&#8221;27px|0px|27px|0px&#8221; global_colors_info=&#8221;{}&#8221;][et_pb_column type=&#8221;2_3&#8243; _builder_version=&#8221;4.16&#8243; custom_padding=&#8221;|||&#8221; global_colors_info=&#8221;{}&#8221; custom_padding__hover=&#8221;|||&#8221;][et_pb_text _builder_version=&#8221;4.23.2&#8243; global_colors_info=&#8221;{}&#8221;]<\/p>\n<ul>\n<li>La travessa es pot realitzar entre els mesos de <strong>mar\u00e7 al 10 de desembre<\/strong>.<\/li>\n<li>Es pot iniciar en qualsevol dels cinc allotjaments organitzadors, i en el sentit de la marxa que es vulgui. Per a donar per finalitzada la travessa, <strong>\u00e9s obligat pernoctar en els cinc allotjaments en regim de MP<\/strong>.<\/li>\n<li>Per poder realitzar la travessa, pr\u00e8viament cal fer-hi la inscripci\u00f3 mitjan\u00e7ant el <a href=\"https:\/\/estelsdelsud.com\/ca\/inscripcions\/\"><strong>formulari a la web<\/strong><\/a>. No es pot fer directament als allotjaments.<\/li>\n<li>Aquesta inscripci\u00f3 cal fer-la <strong>com a m\u00ednim una setmana abans<\/strong> d&#8217;iniciar la travessa i estar\u00e0 supeditada a la disponibilitat dels allotjaments.<\/li>\n<li>Un cop confirmada la disponibilitat dels allotjaments i per formalitzar les reserves <strong>cal fer un ingr\u00e9s, abans de tres dies<\/strong>, de la totalitat de la inscripci\u00f3 (45 \u20ac per persona), m\u00e9s la paga i senyal de 20 \u20ac per persona i allotjament.<\/li>\n<li>Aquesta inscripci\u00f3 assegura la mitja pensi\u00f3 de cada etapa (que es liquidar\u00e0 a cada allotjament amb el descompte dels 20 \u20ac de paga i senyal) i d\u00f3na dret al &#8220;morralet&#8221; <strong>que ser\u00e0 lliurat en l&#8217;allotjament d&#8217;inici de la travessa<\/strong>.<\/li>\n<li>El &#8220;<strong>morralet<\/strong> inclou: <a href=\"https:\/\/www.editorialpiolet.com\/ca\/\" target=\"_blank\" rel=\"noopener\"><strong>Mapa Estels del Sud Edit.Piolet<\/strong><\/a> , la tarja de pas, samarreta exclusiva d&#8217;estels del sud un cop finalitzada la travessa.<\/li>\n<li>El &#8220;<strong>morralet<\/strong>&#8221; s&#8217;entregar\u00e0 en el primer establiment on pernoctin els participants de la travessa <strong>Estels del Sud<\/strong>.<\/li>\n<li>En cadascun dels allotjaments s&#8217;haur\u00e0 de presentar el full d&#8217;inscripci\u00f3 i es segellar\u00e0 la targeta de pas. <strong>En cas de p\u00e8rdua<\/strong> de la targeta de pas es considerar\u00e0 <strong>no completada la travessa<\/strong>.<\/li>\n<li>Si per algun motiu \u00e9s impossible iniciar la travessa en les dates estipulades pr\u00e8viament, els drets d&#8217;inscripci\u00f3 tindran una validesa d&#8217;un any (sempre que la disponibilitat dels allotjaments ho permeti), per\u00f2 <strong>\u00e9s perdr\u00e0\u00a0 la paga i senyal<\/strong> dels allotjaments.<\/li>\n<li>Un cop iniciada la travessa, en cas de no pernoctar al lloc estipulat en la data de la reserva, <strong>es perdr\u00e0 la paga i senyal<\/strong>.<\/li>\n<li>Donat que hi ha allotjaments on <strong>no admeten animals dom\u00e8stics<\/strong>, no s&#8217;admetr\u00e0 cap inscripci\u00f3 de persones que vagin acompanyades d&#8217;aquests tipus d&#8217;animals.<\/li>\n<li><strong>No<\/strong> es podran inscriure a la travessa <strong>menors de 12 anys<\/strong>.<\/li>\n<li>L&#8217;organitzaci\u00f3 no es fa responsable de possibles incid\u00e8ncies durant la travessa. <strong>Es obligatori estar en possessi\u00f3 de la targeta de la <a href=\"https:\/\/www.feec.cat\/fem-muntanya\/federat\/\" target=\"_blank\" rel=\"noopener noreferrer\">FEEC<\/a><\/strong>, <a href=\"http:\/\/www.fedme.es\/\" target=\"_blank\" rel=\"noopener noreferrer\"><strong>FEDME<\/strong><\/a> o equivalent reconeguda per la UIAA (s&#8217;haur\u00e0 de presentar la targeta de federat en l&#8217;establiment d&#8217;inici de la travessa). En cas de no tenir aquesta asseguran\u00e7a, s&#8217;haur\u00e0 de sol\u00b7licitar l&#8217;asseguran\u00e7a per l&#8217;activitat i els dies concrets a Estels del Sud (el cost d&#8217;aquesta asseguran\u00e7a es de 2,50 \u20ac per persona\/dia).<\/li>\n<li>Per motius de seguretat no es pot iniciar les etapes m\u00e9s tard de les 9 h.<\/li>\n<\/ul>\n<p>[\/et_pb_text][\/et_pb_column][et_pb_column type=&#8221;1_3&#8243; _builder_version=&#8221;4.16&#8243; custom_padding=&#8221;|||&#8221; global_colors_info=&#8221;{}&#8221; custom_padding__hover=&#8221;|||&#8221;][et_pb_blurb title=&#8221;Informaci\u00f3 d&#8217;Inter\u00e8s&#8221; use_icon=&#8221;on&#8221; font_icon=&#8221;&#x70;||divi||400&#8243; icon_color=&#8221;#f4f4f4&#8243; image_icon_background_color=&#8221;#568ff6&#8243; image_icon_width=&#8221;48px&#8221; _builder_version=&#8221;4.16&#8243; use_background_color_gradient=&#8221;on&#8221; background_color_gradient_stops=&#8221;#568ff6 0%|#276ff4 100%&#8221; background_color_gradient_start=&#8221;#568ff6&#8243; background_color_gradient_end=&#8221;#276ff4&#8243; image_icon_custom_padding=&#8221;25px|25px|25px|25px|false|false&#8221; background_layout=&#8221;dark&#8221; custom_padding=&#8221;15px|15px|51px|15px&#8221; border_radii_image=&#8221;on|100%|100%|100%|100%&#8221; use_circle=&#8221;on&#8221; global_colors_info=&#8221;{}&#8221; image_icon_background_color__sticky_enabled=&#8221;#568ff6&#8243; image_icon_background_color__sticky=&#8221;#568ff6&#8243;]<\/p>\n<p><strong>ARA POTS FER LA TRAVESSA DE 3 DIES:<\/strong><\/p>\n<p><strong>Si no teniu els cinc dies per realitzar la travessa complerta Estels del Sud, t&#8217;oferim Estels del Sud M\u00e8dium, dos travesses de tres etapes completament diferents entre s\u00ed.<\/strong><\/p>\n<p><strong>\u00a0<\/strong><\/p>\n<p><strong>\u00a0<\/strong><\/p>\n<p><span style=\"text-decoration: underline; color: #ffffff;\"><a style=\"color: #ffffff; text-decoration: underline;\" title=\"M\u00e9s Informaci\u00f3 sobre la travessa partida\" href=\"https:\/\/estelsdelsud.com\/ca\/la-travessa\/travessa-de-3-dies\/\">M\u00c9S INFORMACI\u00d3<\/a><\/span><\/p>\n<p><strong>\u00a0<\/strong><\/p>\n<p><strong>ET PODEM FACILITAR EL TRANSPORT ENTRE ELS ALLOTJAMENTS.<\/strong><\/p>\n<p><span style=\"text-decoration: underline;\"><span style=\"color: #ffffff; text-decoration: underline;\"><a style=\"color: #ffffff; text-decoration: underline;\" title=\"M\u00e9s Informaci\u00f3 sobre Transfers Equipatges\" href=\"https:\/\/estelsdelsud.com\/ca\/la-travessa\/serveis\/transfers-equipatges\/\"><strong>M\u00c9S INFORMACI\u00d3<\/strong><\/a><\/span><\/span><\/p>\n<p><strong>Informaci\u00f3 i reserves 619.931.278<\/strong><\/p>\n<p>[\/et_pb_blurb][et_pb_blurb title=&#8221;Morralet&#8221; url=&#8221;https:\/\/estelsdelsud.com\/ca\/la-travessa\/morralet\/&#8221; image=&#8221;https:\/\/estelsdelsud.com\/wp-content\/uploads\/2018\/05\/Morralet.jpg&#8221; _builder_version=&#8221;4.16&#8243; text_orientation=&#8221;center&#8221; global_colors_info=&#8221;{}&#8221;]El <strong>Morralet<\/strong> era la bossa que duien els pastors quan pujaven als Ports amb tot el que els hi calia per passar el dia..<br \/>\n[\/et_pb_blurb][\/et_pb_column][\/et_pb_row][\/et_pb_section][et_pb_section fb_built=&#8221;1&#8243; admin_label=&#8221;Call To Action&#8221; _builder_version=&#8221;4.16&#8243; background_color=&#8221;#568ff6&#8243; background_color_gradient_direction=&#8221;163deg&#8221; custom_padding=&#8221;50px||50px|&#8221; custom_padding_tablet=&#8221;0px||0px|&#8221; collapsed=&#8221;off&#8221; global_colors_info=&#8221;{}&#8221;][et_pb_row admin_label=&#8221;Row&#8221; _builder_version=&#8221;4.16&#8243; background_size=&#8221;initial&#8221; background_position=&#8221;top_left&#8221; background_repeat=&#8221;repeat&#8221; global_colors_info=&#8221;{}&#8221;][et_pb_column type=&#8221;4_4&#8243; _builder_version=&#8221;4.16&#8243; custom_padding=&#8221;|||&#8221; global_colors_info=&#8221;{}&#8221; custom_padding__hover=&#8221;|||&#8221;][et_pb_text admin_label=&#8221;Header&#8221; _builder_version=&#8221;4.16&#8243; text_font_size=&#8221;45&#8243; header_text_color=&#8221;#000000&#8243; header_font_size=&#8221;45&#8243; background_size=&#8221;initial&#8221; background_position=&#8221;top_left&#8221; background_repeat=&#8221;repeat&#8221; text_orientation=&#8221;center&#8221; background_layout=&#8221;dark&#8221; max_width_tablet=&#8221;&#8221; max_width_phone=&#8221;&#8221; max_width_last_edited=&#8221;on|phone&#8221; module_alignment=&#8221;center&#8221; custom_margin=&#8221;||10px|&#8221; text_font_size_tablet=&#8221;35&#8243; text_font_size_phone=&#8221;25&#8243; text_font_size_last_edited=&#8221;off|phone&#8221; header_font_size_last_edited=&#8221;off|desktop&#8221; custom_css_main_element=&#8221;font-weight:900!important;&#8221; border_style=&#8221;solid&#8221; global_colors_info=&#8221;{}&#8221;]<\/p>\n<h2 class=\"et_pb_module_header\">Inscriu-te ara !<\/h2>\n<p>[\/et_pb_text][et_pb_text admin_label=&#8221;Subheader&#8221; _builder_version=&#8221;4.21.2&#8243; text_font=&#8221;||||||||&#8221; text_text_color=&#8221;#ffffff&#8221; background_size=&#8221;initial&#8221; background_position=&#8221;top_left&#8221; background_repeat=&#8221;repeat&#8221; text_orientation=&#8221;center&#8221; max_width=&#8221;720px&#8221; module_alignment=&#8221;center&#8221; custom_margin=&#8221;0px||40px|&#8221; custom_margin_tablet=&#8221;0px||38px|&#8221; custom_margin_phone=&#8221;&#8221; custom_margin_last_edited=&#8221;on|phone&#8221; custom_css_main_element=&#8221;font-weight:300;&#8221; border_style=&#8221;solid&#8221; global_colors_info=&#8221;{}&#8221;]<\/p>\n<p>Empleni el Formulari de Contacte i ens posarem en contacte amb vost\u00e8 per poder informar-li de tots els detalls i formalitzar la reserva.<\/p>\n<p><strong>\u00a0<\/strong><\/p>\n<p>[\/et_pb_text][et_pb_button button_url=&#8221;https:\/\/estelsdelsud.com\/ca\/inscripcions\/&#8221; button_text=&#8221;INSCRIPCI\u00d3 ONLINE&#8221; button_alignment=&#8221;center&#8221; admin_label=&#8221;Button&#8221; _builder_version=&#8221;4.16&#8243; custom_button=&#8221;on&#8221; button_text_color=&#8221;#568ff6&#8243; button_bg_color=&#8221;#ffffff&#8221; button_font=&#8221;||||||||&#8221; button_icon=&#8221;&#x33;||divi||400&#8243; background_layout=&#8221;dark&#8221; custom_css_main_element=&#8221;padding-top: 10px !important;||padding-right: 22px !important;||padding-bottom: 10px !important;||padding-left: 22px !important;||font-size: 14px;&#8221; global_colors_info=&#8221;{}&#8221; button_text_size__hover_enabled=&#8221;off&#8221; button_one_text_size__hover_enabled=&#8221;off&#8221; button_two_text_size__hover_enabled=&#8221;off&#8221; button_text_color__hover_enabled=&#8221;off&#8221; button_one_text_color__hover_enabled=&#8221;off&#8221; button_two_text_color__hover_enabled=&#8221;off&#8221; button_border_width__hover_enabled=&#8221;off&#8221; button_one_border_width__hover_enabled=&#8221;off&#8221; button_two_border_width__hover_enabled=&#8221;off&#8221; button_border_color__hover_enabled=&#8221;off&#8221; button_one_border_color__hover_enabled=&#8221;off&#8221; button_two_border_color__hover_enabled=&#8221;off&#8221; button_border_radius__hover_enabled=&#8221;off&#8221; button_one_border_radius__hover_enabled=&#8221;off&#8221; button_two_border_radius__hover_enabled=&#8221;off&#8221; button_letter_spacing__hover_enabled=&#8221;off&#8221; button_one_letter_spacing__hover_enabled=&#8221;off&#8221; button_two_letter_spacing__hover_enabled=&#8221;off&#8221; button_bg_color__hover_enabled=&#8221;off&#8221; button_one_bg_color__hover_enabled=&#8221;off&#8221; button_two_bg_color__hover_enabled=&#8221;off&#8221;][\/et_pb_button][\/et_pb_column][\/et_pb_row][\/et_pb_section]<\/p>\n","protected":false},"excerpt":{"rendered":"<p>Normativa Abans de la inscripci\u00f3, revisa tots els termes de la nostra normativa.Normativa Traves\u00eda Estels del Sud La travessa es pot realitzar entre els mesos de mar\u00e7 al 10 de desembre. Es pot iniciar en qualsevol dels cinc allotjaments organitzadors, i en el sentit de la marxa que es vulgui. Per a donar per finalitzada [&hellip;]<\/p>\n","protected":false},"author":1,"featured_media":0,"parent":1055,"menu_order":2,"comment_status":"closed","ping_status":"closed","template":"","meta":{"_et_pb_use_builder":"on","_et_pb_old_content":"","_et_gb_content_width":"","_exactmetrics_skip_tracking":false,"_exactmetrics_sitenote_active":false,"_exactmetrics_sitenote_note":"","_exactmetrics_sitenote_category":0,"footnotes":""},"class_list":["post-1061","page","type-page","status-publish","hentry"],"_links":{"self":[{"href":"https:\/\/estelsdelsud.com\/ca\/wp-json\/wp\/v2\/pages\/1061","targetHints":{"allow":["GET"]}}],"collection":[{"href":"https:\/\/estelsdelsud.com\/ca\/wp-json\/wp\/v2\/pages"}],"about":[{"href":"https:\/\/estelsdelsud.com\/ca\/wp-json\/wp\/v2\/types\/page"}],"author":[{"embeddable":true,"href":"https:\/\/estelsdelsud.com\/ca\/wp-json\/wp\/v2\/users\/1"}],"replies":[{"embeddable":true,"href":"https:\/\/estelsdelsud.com\/ca\/wp-json\/wp\/v2\/comments?post=1061"}],"version-history":[{"count":8,"href":"https:\/\/estelsdelsud.com\/ca\/wp-json\/wp\/v2\/pages\/1061\/revisions"}],"predecessor-version":[{"id":3991,"href":"https:\/\/estelsdelsud.com\/ca\/wp-json\/wp\/v2\/pages\/1061\/revisions\/3991"}],"up":[{"embeddable":true,"href":"https:\/\/estelsdelsud.com\/ca\/wp-json\/wp\/v2\/pages\/1055"}],"wp:attachment":[{"href":"https:\/\/estelsdelsud.com\/ca\/wp-json\/wp\/v2\/media?parent=1061"}],"curies":[{"name":"wp","href":"https:\/\/api.w.org\/{rel}","templated":true}]}}